{"id":8380,"date":"2023-07-25T10:51:48","date_gmt":"2023-07-25T08:51:48","guid":{"rendered":"https:\/\/guillermou-avocats.fr\/fr\/parcours\/choix\/je-suis-proche-de-victime\/jai-perdu-mon-proche"},"modified":"2023-08-31T13:33:55","modified_gmt":"2023-08-31T11:33:55","slug":"jai-perdu-mon-proche","status":"publish","type":"page","link":"https:\/\/guillermou-avocats.fr\/fr\/parcours\/choix\/je-suis-proche-de-victime\/jai-perdu-mon-proche","title":{"rendered":"J&rsquo;ai perdu mon proche"},"content":{"rendered":"<div class=\"fusion-fullwidth fullwidth-box nonhundred-percent-fullwidth non-hundred-percent-height-scrolling\"  style='background-color: rgba(255,255,255,0);background-position: center center;background-repeat: no-repeat;padding-top:0px;padding-right:0px;padding-bottom:0px;padding-left:0px;'><div class=\"fusion-builder-row fusion-row \"><div  class=\"fusion-layout-column fusion_builder_column fusion_builder_column_1_1  fusion-one-full fusion-column-first fusion-column-last 1_1\"  style='margin-top:0px;margin-bottom:0px;'>\n\t\t\t\t\t<div class=\"fusion-column-wrapper\" style=\"padding: 0px 0px 0px 0px;background-position:left top;background-repeat:no-repeat;-webkit-background-size:cover;-moz-background-size:cover;-o-background-size:cover;background-size:cover;\"  data-bg-url=\"\">\n\t\t\t\t\t\t<div class=\"fusion-text\"><p>En cas de d\u00e9c\u00e8s d\u2019un proche, les<strong>\u00a0<a href=\"https:\/\/www.guillermou-avocats.fr\/fr\/lexique-juridique\/id-227-victime-par-ricochet-ou-victime-indirecte\" target=\"_self\" rel=\"noopener\">victimes indirectes<\/a><\/strong>\u00a0sont g\u00e9n\u00e9ralement indemnis\u00e9es de leur\u00a0<strong><a href=\"https:\/\/www.guillermou-avocats.fr\/fr\/lexique-juridique\/id-222-prejudice-d-affection\" target=\"_self\" rel=\"noopener\">pr\u00e9judice d\u2019affection<\/a>\u00a0<\/strong>(ainsi que, dans certains cas, un\u00a0<a href=\"https:\/\/www.guillermou-avocats.fr\/fr\/lexique-juridique\/prejudice-daccompagnement\" target=\"_self\" rel=\"noopener\"><strong>pr\u00e9judice d\u2019accompagnement<\/strong><\/a>), auquel peuvent s\u2019ajouter les postes patrimoniaux pr\u00e9vus par la\u00a0<strong><a href=\"https:\/\/www.guillermou-avocats.fr\/fr\/lexique-juridique\/id-103-nomenclature-dite-dintilhac\" target=\"_self\" rel=\"noopener\">nomenclature Dintilhac<\/a><\/strong>\u00a0\u00e0 savoir les frais d\u2019obs\u00e8ques, leurs<strong>\u00a0<a href=\"https:\/\/www.guillermou-avocats.fr\/fr\/lexique-juridique\/id-221-frais-divers-des-proches\" target=\"_self\" rel=\"noopener\">frais divers<\/a><\/strong>\u00a0et leurs pertes de revenus.<\/p>\n<p>Il arrive parfois que le deuil endur\u00e9 par la\u00a0<a class=\"glossaryLink\" style=\"box-sizing: border-box; text-decoration: none !important; color: #000000 !important; transition-property: color, background-color, border-color; transition-duration: 0.2s; transition-timing-function: linear; border-bottom: 1px dotted #000000 !important;\" href=\"https:\/\/www.guillermou-avocats.fr\/fr\/lexique-juridique\/id-121-victime\" target=\"_self\" aria-describedby=\"tt\" data-cmtooltip=\"&lt;div class=glossaryItemTitle&gt;Victime&lt;\/div&gt;&lt;div class=glossaryItemBody&gt;Personne qui subit directement ou indirectement un pr&amp;eacute;judice physique, moral et\/ou mat&amp;eacute;riel . Selon le Conseil de l'Union Europ&amp;eacute;enne qui la d&amp;eacute;finit au sens p&amp;eacute;nal, la victime est&amp;nbsp;&amp;laquo; la personne qui a subi un pr&amp;eacute;judice, y compris une atteinte &amp;agrave; son int&amp;eacute;grit&amp;eacute; physique ou mentale, une souffrance morale ou une perte mat&amp;eacute;rielle, directement caus&amp;eacute; par des actes ou omissions qui enfreignent, la l&amp;eacute;gislation d'un &amp;eacute;tat membre&amp;raquo;.&lt;br\/&gt;&lt;\/div&gt;\" rel=\"noopener\">victime<\/a>\u00a0par ricochet entraine chez cette derni\u00e8re des atteintes incomparables \u00e0 celle d\u2019un deuil qualifi\u00e9 de \u00ab\u00a0normal\u00a0\u00bb au sens du DSM V (Manuel diagnostic et statistique des troubles mentaux).<\/p>\n<p>Dans ce cas de figure, la\u00a0<strong><a href=\"https:\/\/www.courdecassation.fr\/\" target=\"_self\" rel=\"noopener\">Cour de Cassation<\/a><\/strong>\u00a0a eu l\u2019occasion de rappeler que la\u00a0<a class=\"glossaryLink\" style=\"box-sizing: border-box; text-decoration: none !important; color: #000000 !important; transition-property: color, background-color, border-color; transition-duration: 0.2s; transition-timing-function: linear; border-bottom: 1px dotted #000000 !important;\" href=\"https:\/\/www.guillermou-avocats.fr\/fr\/lexique-juridique\/id-121-victime\" target=\"_self\" aria-describedby=\"tt\" data-cmtooltip=\"&lt;div class=glossaryItemTitle&gt;Victime&lt;\/div&gt;&lt;div class=glossaryItemBody&gt;Personne qui subit directement ou indirectement un pr&amp;eacute;judice physique, moral et\/ou mat&amp;eacute;riel . Selon le Conseil de l'Union Europ&amp;eacute;enne qui la d&amp;eacute;finit au sens p&amp;eacute;nal, la victime est&amp;nbsp;&amp;laquo; la personne qui a subi un pr&amp;eacute;judice, y compris une atteinte &amp;agrave; son int&amp;eacute;grit&amp;eacute; physique ou mentale, une souffrance morale ou une perte mat&amp;eacute;rielle, directement caus&amp;eacute; par des actes ou omissions qui enfreignent, la l&amp;eacute;gislation d'un &amp;eacute;tat membre&amp;raquo;.&lt;br\/&gt;&lt;\/div&gt;\" rel=\"noopener\">victime<\/a>\u00a0indirecte qui traverse un tel deuil qualifi\u00e9 de \u00ab\u00a0pathologique\u00a0\u00bb a la possibilit\u00e9 de solliciter la\u00a0<strong><a href=\"https:\/\/www.guillermou-avocats.fr\/fr\/indemnisation-prejudice\" target=\"_self\" rel=\"noopener\">r\u00e9paration int\u00e9grale<\/a><\/strong>\u00a0de ses pr\u00e9judices selon la m\u00eame nomenclature des pr\u00e9judices de la\u00a0<a class=\"glossaryLink\" style=\"box-sizing: border-box; text-decoration: none !important; color: #000000 !important; transition-property: color, background-color, border-color; transition-duration: 0.2s; transition-timing-function: linear; border-bottom: 1px dotted #000000 !important;\" href=\"https:\/\/www.guillermou-avocats.fr\/fr\/lexique-juridique\/id-121-victime\" target=\"_self\" aria-describedby=\"tt\" data-cmtooltip=\"&lt;div class=glossaryItemTitle&gt;Victime&lt;\/div&gt;&lt;div class=glossaryItemBody&gt;Personne qui subit directement ou indirectement un pr&amp;eacute;judice physique, moral et\/ou mat&amp;eacute;riel . Selon le Conseil de l'Union Europ&amp;eacute;enne qui la d&amp;eacute;finit au sens p&amp;eacute;nal, la victime est&amp;nbsp;&amp;laquo; la personne qui a subi un pr&amp;eacute;judice, y compris une atteinte &amp;agrave; son int&amp;eacute;grit&amp;eacute; physique ou mentale, une souffrance morale ou une perte mat&amp;eacute;rielle, directement caus&amp;eacute; par des actes ou omissions qui enfreignent, la l&amp;eacute;gislation d'un &amp;eacute;tat membre&amp;raquo;.&lt;br\/&gt;&lt;\/div&gt;\" rel=\"noopener\">victime<\/a>\u00a0directe (dans les affaires port\u00e9es devant la cour de Cassation, il s\u2019agissait du\u00a0<strong><a href=\"https:\/\/www.guillermou-avocats.fr\/fr\/lexique-juridique\/id-58-deficit-fonctionnel-permanent-dfp\" target=\"_self\" rel=\"noopener\">d\u00e9ficit fonctionnel permanent<\/a>\u00a0<\/strong>et des<strong>\u00a0<a href=\"https:\/\/www.guillermou-avocats.fr\/fr\/lexique-juridique\/souffrances-endurees-pretium-doloris\" target=\"_self\" rel=\"noopener\">souffrances endur\u00e9es<\/a><\/strong>) en sus de la r\u00e9paration de son\u00a0<a class=\"glossaryLink\" style=\"box-sizing: border-box; text-decoration: none !important; color: #000000 !important; transition-property: color, background-color, border-color; transition-duration: 0.2s; transition-timing-function: linear; border-bottom: 1px dotted #000000 !important;\" href=\"https:\/\/www.guillermou-avocats.fr\/fr\/lexique-juridique\/id-222-prejudice-d-affection\" target=\"_self\" aria-describedby=\"tt\" data-cmtooltip=\"&lt;div class=glossaryItemTitle&gt;Pr\u00e9judice d\u2019affection&lt;\/div&gt;&lt;div class=glossaryItemBody&gt;Pr\u00e9judice moral \u00e9prouv\u00e9 par les proches de la victime directe: En cas de d\u00e9c\u00e8s de la victime directe\u00a0:&lt;br\/&gt;&lt;br\/&gt;\u00a0Ce poste de pr\u00e9judice tend \u00e0 r\u00e9parer le pr\u00e9judice psychologique voire le retentissement pathologique av\u00e9r\u00e9 que le d\u00e9c\u00e8s a entra\u00een\u00e9 chez certains proches. En pratique, il concerne les parents les plus proches mais des personnes d\u00e9pourvues de lien de parent\u00e9\u00a0 peuvent s\u2019en pr\u00e9valoir d\u00e8s lors qu\u2019elles \u00e9tablissent par tout moyen\u00a0 avoir entretenu un lien affectif r\u00e9el avec le d\u00e9funt.&lt;br\/&gt; \u00a0En cas de survie de la victime directe\u00a0:&lt;br\/&gt;&lt;br\/&gt;Il s\u2019agit du pr\u00e9judice moral \u00e9prouv\u00e9 \u00e0 la vue de la douleur, de la d\u00e9ch\u00e9ance et de la souffrance de la victime directe. Il convient d\u2019inclure \u00e0 ce titre le retentissement pathologique av\u00e9r\u00e9 que la perception du handicap de la victime survivante a pu entrainer chez ses proches.&lt;br\/&gt;&lt;\/div&gt;\" rel=\"noopener\">pr\u00e9judice d\u2019affection<\/a>.<\/p>\n<p>Il n\u2019existe pas de consensus m\u00e9dical sur la notion de \u00ab\u00a0deuil pathologique\u00a0\u00bb. \u00a0Le DSM V parle de \u00ab\u00a0deuil compliqu\u00e9 persistant\u00a0\u00bb et certains psychiatres proposent de distinguer les deuils \u00ab\u00a0compliqu\u00e9s\u00a0\u00bb et les \u00ab\u00a0deuils pathologiques\u00a0\u00bb lesquels rel\u00e8veraient d\u2019une v\u00e9ritable pathologique psychiatrique.<\/p>\n<p>Quoi qu\u2019il en soit,\u00a0 la\u00a0<a class=\"glossaryLink\" style=\"box-sizing: border-box; text-decoration: none !important; color: #000000 !important; transition-property: color, background-color, border-color; transition-duration: 0.2s; transition-timing-function: linear; border-bottom: 1px dotted #000000 !important;\" href=\"https:\/\/www.guillermou-avocats.fr\/fr\/lexique-juridique\/id-121-victime\" target=\"_self\" aria-describedby=\"tt\" data-cmtooltip=\"&lt;div class=glossaryItemTitle&gt;Victime&lt;\/div&gt;&lt;div class=glossaryItemBody&gt;Personne qui subit directement ou indirectement un pr&amp;eacute;judice physique, moral et\/ou mat&amp;eacute;riel . Selon le Conseil de l'Union Europ&amp;eacute;enne qui la d&amp;eacute;finit au sens p&amp;eacute;nal, la victime est&amp;nbsp;&amp;laquo; la personne qui a subi un pr&amp;eacute;judice, y compris une atteinte &amp;agrave; son int&amp;eacute;grit&amp;eacute; physique ou mentale, une souffrance morale ou une perte mat&amp;eacute;rielle, directement caus&amp;eacute; par des actes ou omissions qui enfreignent, la l&amp;eacute;gislation d'un &amp;eacute;tat membre&amp;raquo;.&lt;br\/&gt;&lt;\/div&gt;\" rel=\"noopener\">victime<\/a>\u00a0par ricochet dont le deuil entraine une n\u00e9cessit\u00e9 de soin, des troubles fonctionnels ou psychiques, des r\u00e9percussions sur la vie personnelle ou professionnelle, est en droit de solliciter une\u00a0<strong>r\u00e9paration int\u00e9grale de ses pr\u00e9judices<\/strong>\u00a0d\u00e9termin\u00e9s par\u00a0<strong><a href=\"https:\/\/www.guillermou-avocats.fr\/fr\/expertise-medicale\" target=\"_self\" rel=\"noopener\">expertise m\u00e9dicale<\/a><\/strong>\u00a0venant en compl\u00e9ment de son\u00a0<a class=\"glossaryLink\" style=\"box-sizing: border-box; text-decoration: none !important; color: #000000 !important; transition-property: color, background-color, border-color; transition-duration: 0.2s; transition-timing-function: linear; border-bottom: 1px dotted #000000 !important;\" href=\"https:\/\/www.guillermou-avocats.fr\/fr\/lexique-juridique\/id-222-prejudice-d-affection\" target=\"_self\" aria-describedby=\"tt\" data-cmtooltip=\"&lt;div class=glossaryItemTitle&gt;Pr\u00e9judice d\u2019affection&lt;\/div&gt;&lt;div class=glossaryItemBody&gt;Pr\u00e9judice moral \u00e9prouv\u00e9 par les proches de la victime directe: En cas de d\u00e9c\u00e8s de la victime directe\u00a0:&lt;br\/&gt;&lt;br\/&gt;\u00a0Ce poste de pr\u00e9judice tend \u00e0 r\u00e9parer le pr\u00e9judice psychologique voire le retentissement pathologique av\u00e9r\u00e9 que le d\u00e9c\u00e8s a entra\u00een\u00e9 chez certains proches. En pratique, il concerne les parents les plus proches mais des personnes d\u00e9pourvues de lien de parent\u00e9\u00a0 peuvent s\u2019en pr\u00e9valoir d\u00e8s lors qu\u2019elles \u00e9tablissent par tout moyen\u00a0 avoir entretenu un lien affectif r\u00e9el avec le d\u00e9funt.&lt;br\/&gt; \u00a0En cas de survie de la victime directe\u00a0:&lt;br\/&gt;&lt;br\/&gt;Il s\u2019agit du pr\u00e9judice moral \u00e9prouv\u00e9 \u00e0 la vue de la douleur, de la d\u00e9ch\u00e9ance et de la souffrance de la victime directe. Il convient d\u2019inclure \u00e0 ce titre le retentissement pathologique av\u00e9r\u00e9 que la perception du handicap de la victime survivante a pu entrainer chez ses proches.&lt;br\/&gt;&lt;\/div&gt;\" rel=\"noopener\">pr\u00e9judice d\u2019affection<\/a>.<\/p>\n<\/div><div class=\"fusion-clearfix\"><\/div>\n\n\t\t\t\t\t<\/div>\n\t\t\t\t<\/div><\/div><\/div>\n","protected":false},"excerpt":{"rendered":"","protected":false},"author":5,"featured_media":0,"parent":8378,"menu_order":0,"comment_status":"closed","ping_status":"closed","template":"page-parcours-article.php","meta":{"footnotes":""},"class_list":["post-8380","page","type-page","status-publish","hentry"],"yoast_head":"<!-- This site is optimized with the Yoast SEO Premium plugin v23.4 (Yoast SEO v27.4) - https:\/\/yoast.com\/product\/yoast-seo-premium-wordpress\/ -->\n<title>J&#039;ai perdu mon proche - Avocat indemnisation de victimes<\/title>\n<meta name=\"robots\" content=\"index, follow, max-snippet:-1, max-image-preview:large, max-video-preview:-1\" \/>\n<link rel=\"canonical\" href=\"https:\/\/guillermou-avocats.fr\/fr\/parcours\/choix\/je-suis-proche-de-victime\/jai-perdu-mon-proche\" \/>\n<meta property=\"og:locale\" content=\"fr_FR\" \/>\n<meta property=\"og:type\" content=\"article\" \/>\n<meta property=\"og:title\" content=\"J&#039;ai perdu mon proche - Avocat indemnisation de victimes\" \/>\n<meta property=\"og:url\" content=\"https:\/\/guillermou-avocats.fr\/fr\/parcours\/choix\/je-suis-proche-de-victime\/jai-perdu-mon-proche\" \/>\n<meta property=\"og:site_name\" content=\"Avocat indemnisation de victimes\" \/>\n<meta property=\"article:publisher\" content=\"https:\/\/www.facebook.com\/emericguillermou\/\" \/>\n<meta property=\"article:modified_time\" content=\"2023-08-31T11:33:55+00:00\" \/>\n<meta name=\"twitter:card\" content=\"summary_large_image\" \/>\n<meta name=\"twitter:site\" content=\"@eguillermou\" \/>\n<meta name=\"twitter:label1\" content=\"Dur\u00e9e de lecture estim\u00e9e\" \/>\n\t<meta name=\"twitter:data1\" content=\"2 minutes\" \/>\n<script type=\"application\/ld+json\" class=\"yoast-schema-graph\">{\"@context\":\"https:\\\/\\\/schema.org\",\"@graph\":[{\"@type\":\"WebPage\",\"@id\":\"https:\\\/\\\/guillermou-avocats.fr\\\/fr\\\/parcours\\\/choix\\\/je-suis-proche-de-victime\\\/jai-perdu-mon-proche\",\"url\":\"https:\\\/\\\/guillermou-avocats.fr\\\/fr\\\/parcours\\\/choix\\\/je-suis-proche-de-victime\\\/jai-perdu-mon-proche\",\"name\":\"J'ai perdu mon proche - Avocat indemnisation de victimes\",\"isPartOf\":{\"@id\":\"https:\\\/\\\/proxima2023.okoumea.com\\\/fr\\\/#website\"},\"datePublished\":\"2023-07-25T08:51:48+00:00\",\"dateModified\":\"2023-08-31T11:33:55+00:00\",\"breadcrumb\":{\"@id\":\"https:\\\/\\\/guillermou-avocats.fr\\\/fr\\\/parcours\\\/choix\\\/je-suis-proche-de-victime\\\/jai-perdu-mon-proche#breadcrumb\"},\"inLanguage\":\"fr-FR\",\"potentialAction\":[{\"@type\":\"ReadAction\",\"target\":[\"https:\\\/\\\/guillermou-avocats.fr\\\/fr\\\/parcours\\\/choix\\\/je-suis-proche-de-victime\\\/jai-perdu-mon-proche\"]}]},{\"@type\":\"BreadcrumbList\",\"@id\":\"https:\\\/\\\/guillermou-avocats.fr\\\/fr\\\/parcours\\\/choix\\\/je-suis-proche-de-victime\\\/jai-perdu-mon-proche#breadcrumb\",\"itemListElement\":[{\"@type\":\"ListItem\",\"position\":1,\"name\":\"parcours\",\"item\":\"https:\\\/\\\/guillermou-avocats.fr\\\/fr\\\/parcours\"},{\"@type\":\"ListItem\",\"position\":2,\"name\":\"choix\",\"item\":\"https:\\\/\\\/guillermou-avocats.fr\\\/fr\\\/parcours\\\/choix\"},{\"@type\":\"ListItem\",\"position\":3,\"name\":\"Je suis proche de victime\",\"item\":\"https:\\\/\\\/guillermou-avocats.fr\\\/fr\\\/parcours\\\/choix\\\/je-suis-proche-de-victime\"},{\"@type\":\"ListItem\",\"position\":4,\"name\":\"J&rsquo;ai perdu mon proche\"}]},{\"@type\":\"WebSite\",\"@id\":\"https:\\\/\\\/proxima2023.okoumea.com\\\/fr\\\/#website\",\"url\":\"https:\\\/\\\/proxima2023.okoumea.com\\\/fr\\\/\",\"name\":\"Proxima - Avocats indemnisation de victimes\",\"description\":\"Chaque jour est un nouveau cap \u00e0 franchir ensemble\",\"publisher\":{\"@id\":\"https:\\\/\\\/proxima2023.okoumea.com\\\/fr\\\/#organization\"},\"potentialAction\":[{\"@type\":\"SearchAction\",\"target\":{\"@type\":\"EntryPoint\",\"urlTemplate\":\"https:\\\/\\\/proxima2023.okoumea.com\\\/fr\\\/?s={search_term_string}\"},\"query-input\":{\"@type\":\"PropertyValueSpecification\",\"valueRequired\":true,\"valueName\":\"search_term_string\"}}],\"inLanguage\":\"fr-FR\"},{\"@type\":\"Organization\",\"@id\":\"https:\\\/\\\/proxima2023.okoumea.com\\\/fr\\\/#organization\",\"name\":\"CABINET PROXIMA GUILLERMOU AVOCATS\",\"url\":\"https:\\\/\\\/proxima2023.okoumea.com\\\/fr\\\/\",\"logo\":{\"@type\":\"ImageObject\",\"inLanguage\":\"fr-FR\",\"@id\":\"https:\\\/\\\/proxima2023.okoumea.com\\\/fr\\\/#\\\/schema\\\/logo\\\/image\\\/\",\"url\":\"https:\\\/\\\/guillermou-avocats.fr\\\/wp-content\\\/uploads\\\/2024\\\/08\\\/2Fichier-12ProximaLogox1.png\",\"contentUrl\":\"https:\\\/\\\/guillermou-avocats.fr\\\/wp-content\\\/uploads\\\/2024\\\/08\\\/2Fichier-12ProximaLogox1.png\",\"width\":836,\"height\":825,\"caption\":\"CABINET PROXIMA GUILLERMOU AVOCATS\"},\"image\":{\"@id\":\"https:\\\/\\\/proxima2023.okoumea.com\\\/fr\\\/#\\\/schema\\\/logo\\\/image\\\/\"},\"sameAs\":[\"https:\\\/\\\/www.facebook.com\\\/emericguillermou\\\/\",\"https:\\\/\\\/x.com\\\/eguillermou\",\"https:\\\/\\\/fr.linkedin.com\\\/in\\\/emeric-guillermou-6a4b9bb6\",\"https:\\\/\\\/www.youtube.com\\\/@emericguillermou9412\"]}]}<\/script>\n<!-- \/ Yoast SEO Premium plugin. -->","yoast_head_json":{"title":"J'ai perdu mon proche - Avocat indemnisation de victimes","robots":{"index":"index","follow":"follow","max-snippet":"max-snippet:-1","max-image-preview":"max-image-preview:large","max-video-preview":"max-video-preview:-1"},"canonical":"https:\/\/guillermou-avocats.fr\/fr\/parcours\/choix\/je-suis-proche-de-victime\/jai-perdu-mon-proche","og_locale":"fr_FR","og_type":"article","og_title":"J'ai perdu mon proche - Avocat indemnisation de victimes","og_url":"https:\/\/guillermou-avocats.fr\/fr\/parcours\/choix\/je-suis-proche-de-victime\/jai-perdu-mon-proche","og_site_name":"Avocat indemnisation de victimes","article_publisher":"https:\/\/www.facebook.com\/emericguillermou\/","article_modified_time":"2023-08-31T11:33:55+00:00","twitter_card":"summary_large_image","twitter_site":"@eguillermou","twitter_misc":{"Dur\u00e9e de lecture estim\u00e9e":"2 minutes"},"schema":{"@context":"https:\/\/schema.org","@graph":[{"@type":"WebPage","@id":"https:\/\/guillermou-avocats.fr\/fr\/parcours\/choix\/je-suis-proche-de-victime\/jai-perdu-mon-proche","url":"https:\/\/guillermou-avocats.fr\/fr\/parcours\/choix\/je-suis-proche-de-victime\/jai-perdu-mon-proche","name":"J'ai perdu mon proche - Avocat indemnisation de victimes","isPartOf":{"@id":"https:\/\/proxima2023.okoumea.com\/fr\/#website"},"datePublished":"2023-07-25T08:51:48+00:00","dateModified":"2023-08-31T11:33:55+00:00","breadcrumb":{"@id":"https:\/\/guillermou-avocats.fr\/fr\/parcours\/choix\/je-suis-proche-de-victime\/jai-perdu-mon-proche#breadcrumb"},"inLanguage":"fr-FR","potentialAction":[{"@type":"ReadAction","target":["https:\/\/guillermou-avocats.fr\/fr\/parcours\/choix\/je-suis-proche-de-victime\/jai-perdu-mon-proche"]}]},{"@type":"BreadcrumbList","@id":"https:\/\/guillermou-avocats.fr\/fr\/parcours\/choix\/je-suis-proche-de-victime\/jai-perdu-mon-proche#breadcrumb","itemListElement":[{"@type":"ListItem","position":1,"name":"parcours","item":"https:\/\/guillermou-avocats.fr\/fr\/parcours"},{"@type":"ListItem","position":2,"name":"choix","item":"https:\/\/guillermou-avocats.fr\/fr\/parcours\/choix"},{"@type":"ListItem","position":3,"name":"Je suis proche de victime","item":"https:\/\/guillermou-avocats.fr\/fr\/parcours\/choix\/je-suis-proche-de-victime"},{"@type":"ListItem","position":4,"name":"J&rsquo;ai perdu mon proche"}]},{"@type":"WebSite","@id":"https:\/\/proxima2023.okoumea.com\/fr\/#website","url":"https:\/\/proxima2023.okoumea.com\/fr\/","name":"Proxima - Avocats indemnisation de victimes","description":"Chaque jour est un nouveau cap \u00e0 franchir ensemble","publisher":{"@id":"https:\/\/proxima2023.okoumea.com\/fr\/#organization"},"potentialAction":[{"@type":"SearchAction","target":{"@type":"EntryPoint","urlTemplate":"https:\/\/proxima2023.okoumea.com\/fr\/?s={search_term_string}"},"query-input":{"@type":"PropertyValueSpecification","valueRequired":true,"valueName":"search_term_string"}}],"inLanguage":"fr-FR"},{"@type":"Organization","@id":"https:\/\/proxima2023.okoumea.com\/fr\/#organization","name":"CABINET PROXIMA GUILLERMOU AVOCATS","url":"https:\/\/proxima2023.okoumea.com\/fr\/","logo":{"@type":"ImageObject","inLanguage":"fr-FR","@id":"https:\/\/proxima2023.okoumea.com\/fr\/#\/schema\/logo\/image\/","url":"https:\/\/guillermou-avocats.fr\/wp-content\/uploads\/2024\/08\/2Fichier-12ProximaLogox1.png","contentUrl":"https:\/\/guillermou-avocats.fr\/wp-content\/uploads\/2024\/08\/2Fichier-12ProximaLogox1.png","width":836,"height":825,"caption":"CABINET PROXIMA GUILLERMOU AVOCATS"},"image":{"@id":"https:\/\/proxima2023.okoumea.com\/fr\/#\/schema\/logo\/image\/"},"sameAs":["https:\/\/www.facebook.com\/emericguillermou\/","https:\/\/x.com\/eguillermou","https:\/\/fr.linkedin.com\/in\/emeric-guillermou-6a4b9bb6","https:\/\/www.youtube.com\/@emericguillermou9412"]}]}},"_links":{"self":[{"href":"https:\/\/guillermou-avocats.fr\/fr\/wp-json\/wp\/v2\/pages\/8380","targetHints":{"allow":["GET"]}}],"collection":[{"href":"https:\/\/guillermou-avocats.fr\/fr\/wp-json\/wp\/v2\/pages"}],"about":[{"href":"https:\/\/guillermou-avocats.fr\/fr\/wp-json\/wp\/v2\/types\/page"}],"author":[{"embeddable":true,"href":"https:\/\/guillermou-avocats.fr\/fr\/wp-json\/wp\/v2\/users\/5"}],"replies":[{"embeddable":true,"href":"https:\/\/guillermou-avocats.fr\/fr\/wp-json\/wp\/v2\/comments?post=8380"}],"version-history":[{"count":4,"href":"https:\/\/guillermou-avocats.fr\/fr\/wp-json\/wp\/v2\/pages\/8380\/revisions"}],"predecessor-version":[{"id":8472,"href":"https:\/\/guillermou-avocats.fr\/fr\/wp-json\/wp\/v2\/pages\/8380\/revisions\/8472"}],"up":[{"embeddable":true,"href":"https:\/\/guillermou-avocats.fr\/fr\/wp-json\/wp\/v2\/pages\/8378"}],"wp:attachment":[{"href":"https:\/\/guillermou-avocats.fr\/fr\/wp-json\/wp\/v2\/media?parent=8380"}],"curies":[{"name":"wp","href":"https:\/\/api.w.org\/{rel}","templated":true}]}}