{"id":1646,"date":"2017-08-09T15:30:18","date_gmt":"2017-08-09T13:30:18","guid":{"rendered":"https:\/\/guillermou-avocats.fr\/?page_id=1646"},"modified":"2023-08-29T18:51:21","modified_gmt":"2023-08-29T16:51:21","slug":"le-handicap-moteur","status":"publish","type":"page","link":"https:\/\/guillermou-avocats.fr\/fr\/dommage-corporel\/le-handicap-moteur","title":{"rendered":"Le handicap moteur"},"content":{"rendered":"<div class=\"fusion-fullwidth fullwidth-box bigFontSize nonhundred-percent-fullwidth non-hundred-percent-height-scrolling\"  style='background-color: rgba(255,255,255,0);background-position: center center;background-repeat: no-repeat;padding-top:0px;padding-right:0px;padding-bottom:0px;padding-left:0px;'><div class=\"fusion-builder-row fusion-row \"><div  class=\"fusion-layout-column fusion_builder_column fusion_builder_column_1_1  fusion-one-full fusion-column-first fusion-column-last 1_1\"  style='margin-top:0px;margin-bottom:0px;'>\n\t\t\t\t\t<div class=\"fusion-column-wrapper\" style=\"padding: 0px 0px 0px 0px;background-position:left top;background-repeat:no-repeat;-webkit-background-size:cover;-moz-background-size:cover;-o-background-size:cover;background-size:cover;\"  data-bg-url=\"\">\n\t\t\t\t\t\t<div class=\"fusion-text\"><h1 class=\"titre-page\" style=\"text-align: center;\">La d\u00e9finition du handicap<\/h1>\n<div id=\"preview\">\n<div id=\"texte-interne\">\n<p>&nbsp;<\/p>\n<p style=\"text-align: justify;\">En 1980, l\u2019Organisation Mondiale de la Sant\u00e9 a \u00e9tabli une Classification Internationale des Handicaps (CIH), prenant en compte trois situations :<\/p>\n<p style=\"text-align: justify;\">1. La d\u00e9ficience (ou invalidit\u00e9), r\u00e9sultant d\u2019une maladie ou d\u2019un traumatisme, d\u00e9finie comme la perte (scl\u00e9rose, amputation) ou le dysfonctionnement de l\u2019une des parties du corps (organe, membre, muscle). La d\u00e9ficience peut \u00eatre temporaire ou permanente et n\u00e9cessite des interventions portant sur la personne (exemple : r\u00e9\u00e9ducation fonctionnelle)<\/p>\n<p style=\"text-align: justify;\">2. Le handicap (ou incapacit\u00e9), r\u00e9sultant d\u2019une ou plusieurs d\u00e9ficiences, d\u00e9finie comme la difficult\u00e9 ou l\u2019impossibilit\u00e9 de r\u00e9aliser des actes \u00e9l\u00e9mentaires physiques (se tenir debout, se lever\u2026) ou psychiques (m\u00e9moriser). Elle peut n\u00e9cessiter des aides techniques.<br \/>\nElle peut \u00e9galement \u00eatre \u00e9volutive ou stable, acquise ou inn\u00e9e.<\/p>\n<p style=\"text-align: justify;\">3. Le d\u00e9savantage, cons\u00e9quences du handicap par rapport \u00e0 une situation sociale et qui se manifeste par la difficult\u00e9 ou l\u2019impossibilit\u00e9 de travailler, communiquer, suivre des cours\u2026 Il se situe \u00e0 l\u2019intersection de l\u2019environnement social de la personne et des caract\u00e9ristiques propres \u00e0 l\u2019individu.<\/p>\n<p style=\"text-align: justify;\">\u00abLes facteurs environnementaux\u00a0constituent l\u2019environnement physique, social et attitudinal dans lequel les gens vivent et m\u00e8nent leur vie.\u00bb<\/p>\n<p style=\"text-align: justify;\">Les facteurs sont externes \u00e0 la personne et peuvent avoir une influence positive ou n\u00e9gative sur la performance de la personne en tant que membre de la soci\u00e9t\u00e9, sur la capacit\u00e9 de la personne, ou sur une fonction organique ou une structure anatomique de cette personne.<\/p>\n<p style=\"text-align: justify;\">\u00c0 partir de 1997, une r\u00e9vision du projet exp\u00e9rimental de l\u2019OMS a \u00e9t\u00e9 entreprise et a abouti, fin 2000, \u00e0 la proposition d\u2019un dispositif interm\u00e9diaire CIH-2, remodel\u00e9 et adopt\u00e9, en mai 2001, par l\u2019Assembl\u00e9e mondiale de l\u2019OMS, sous l\u2019intitul\u00e9 :\u00a0\u00ab\u00a0Classification du fonctionnement, des handicaps et de la sant\u00e9\u00a0\u00bb (CIF). On y distingue cinq niveaux :\u00a0les fonctions organiques, les structures anatomiques, les activit\u00e9s, les participations ou \u00ab\u00a0prendre part \u00e0 une situation de la vie r\u00e9elle\u00a0\u00bb (les deux niveaux des activit\u00e9s et des participations, bien diff\u00e9renci\u00e9s dans le document sont artificiellement regroup\u00e9s), les facteurs environnementaux qui recoupent, en partie, les \u00ab\u00a0participations\u00a0\u00bb.<\/p>\n<h3 style=\"text-align: justify;\">Les facteurs environnementaux sont organis\u00e9s dans la classification pour porter sur deux niveaux diff\u00e9rents :<\/h3>\n<ul style=\"text-align: justify;\">\n<li><strong>Individuel<\/strong>\u00a0\u2013 dans l\u2019environnement personnel imm\u00e9diat de la personne, y compris des milieux comme le domicile, le cadre de travail et l\u2019\u00e9cole.\u00a0Ils comprennent \u00e0 ce niveau les caract\u00e9ristiques physiques et mat\u00e9rielles de l\u2019environnement auxquelles la personne est directement confront\u00e9e, de m\u00eame que les contacts directs avec les autres, qu\u2019il s\u2019agisse de membres de la famille, de connaissances, de pairs ou d\u2019\u00e9trangers.<\/li>\n<li><strong>Services et syst\u00e8mes<\/strong>\u00a0\u2013 structures sociales, services et r\u00e8gles de conduite ou syst\u00e8mes, formels aux informels, ayant cours dans le milieu communautaire ou dans la culture, et ayant un impact sur les personnes. Ils comprennent \u00e0 ce niveau les organismes et les services li\u00e9s au cadre de travail, les activit\u00e9s communautaires, les organismes gouvernementaux, les services de communication et de transport, les r\u00e9seaux sociaux officiels, ainsi que les lois et r\u00e9glementations, qu\u2019elles soient officielles ou non, les attitudes et les id\u00e9ologies.<\/li>\n<\/ul>\n<h3 style=\"text-align: justify;\">Les facteurs environnementaux interagissent avec les composantes des fonctions organiques et structures anatomiques, et des activit\u00e9s et de la participation.<\/h3>\n<p style=\"text-align: justify;\">Pour chacune de ces composantes, la nature et l\u2019ampleur de l\u2019interaction pourront \u00eatre pr\u00e9cis\u00e9es par le travail scientifique \u00e0 venir.<br \/>\nLe handicap est d\u00e9termin\u00e9 par la relation complexe entre l\u2019\u00e9tat de sant\u00e9 d\u2019une personne, des\u00a0<strong>facteurs personnels<\/strong>\u00a0et des\u00a0<strong>facteurs ext\u00e9rieurs<\/strong>\u00a0qui repr\u00e9sentent les circonstances de la vie de cette personne.<br \/>\nC\u2019est pourquoi des environnements diff\u00e9rents peuvent avoir un impact tr\u00e8s variable sur une personne donn\u00e9e pr\u00e9sentant un \u00e9tat de sant\u00e9 donn\u00e9. Un environnement peupl\u00e9 d\u2019obstacles, ou d\u00e9pourvu de facilitateurs, restreindra la performance, alors que d\u2019autres environnements, pourvus de plus de facilitateurs, permettront d\u2019am\u00e9liorer la performance. La soci\u00e9t\u00e9 peut entraver la performance de certaines personnes parce qu\u2019elle place des obstacles (par exemple sous forme de b\u00e2timents d\u00e9pourvus d\u2019acc\u00e8s adapt\u00e9s) ou ne met pas \u00e0 disposition les facilitateurs n\u00e9cessaires (par exemple des aides techniques).<\/p>\n<p style=\"text-align: justify;\">Par ailleurs, la loi du 11 f\u00e9vrier 2005\u00a0pour l\u2019\u00e9galit\u00e9 des droits et des chances, la participation et la citoyennet\u00e9 des personnes handicap\u00e9es\u00a0donne la d\u00e9finition suivante du handicap en tenant compte elle aussi de l\u2019interaction de l\u2019individu avec son environnement\u00a0:\u00a0\u00ab constitue un handicap, au sens de la pr\u00e9sente loi,\u00a0toute limitation d\u2019activit\u00e9 ou restriction de participation \u00e0 la vie en soci\u00e9t\u00e9 subie dans son environnement\u00a0par une personne en raison d\u2019une alt\u00e9ration substantielle, durable ou d\u00e9finitive d\u2019une ou plusieurs fonctions physiques, sensorielles, mentales, cognitives ou psychiques, d\u2019un polyhandicap ou d\u2019un trouble de sant\u00e9 invalidant \u00bb (Art. L.114)<\/p>\n<\/div>\n<\/div>\n<\/div><div class=\"fusion-clearfix\"><\/div>\n\n\t\t\t\t\t<\/div>\n\t\t\t\t<\/div><\/div><\/div>\n","protected":false},"excerpt":{"rendered":"","protected":false},"author":2,"featured_media":0,"parent":1244,"menu_order":24,"comment_status":"closed","ping_status":"closed","template":"page-dommage-corporel-article.php","meta":{"footnotes":""},"class_list":["post-1646","page","type-page","status-publish","hentry"],"yoast_head":"<!-- This site is optimized with the Yoast SEO Premium plugin v23.4 (Yoast SEO v27.4) - https:\/\/yoast.com\/product\/yoast-seo-premium-wordpress\/ -->\n<title>Le handicap moteur - Avocat indemnisation de victimes<\/title>\n<meta name=\"description\" content=\"Vous avez \u00e9t\u00e9 victime d&#039;un dommage corporel ? Notre cabinet d&#039;avocats Proxima peut vous repr\u00e9senter et d\u00e9fendre vos droits.\" \/>\n<meta name=\"robots\" content=\"index, follow, max-snippet:-1, max-image-preview:large, max-video-preview:-1\" \/>\n<link rel=\"canonical\" href=\"https:\/\/proxima2023.okoumea.com\/fr\/dommage-corporel\/le-handicap-moteur\" \/>\n<meta property=\"og:locale\" content=\"fr_FR\" \/>\n<meta property=\"og:type\" content=\"article\" \/>\n<meta property=\"og:title\" content=\"Le handicap moteur - Avocat indemnisation de victimes\" \/>\n<meta property=\"og:description\" content=\"Vous avez \u00e9t\u00e9 victime d&#039;un dommage corporel ? Notre cabinet d&#039;avocats Proxima peut vous repr\u00e9senter et d\u00e9fendre vos droits.\" \/>\n<meta property=\"og:url\" content=\"https:\/\/proxima2023.okoumea.com\/fr\/dommage-corporel\/le-handicap-moteur\" \/>\n<meta property=\"og:site_name\" content=\"Avocat indemnisation de victimes\" \/>\n<meta property=\"article:publisher\" content=\"https:\/\/www.facebook.com\/emericguillermou\/\" \/>\n<meta property=\"article:modified_time\" content=\"2023-08-29T16:51:21+00:00\" \/>\n<meta name=\"twitter:card\" content=\"summary_large_image\" \/>\n<meta name=\"twitter:site\" content=\"@eguillermou\" \/>\n<meta name=\"twitter:label1\" content=\"Dur\u00e9e de lecture estim\u00e9e\" \/>\n\t<meta name=\"twitter:data1\" content=\"5 minutes\" \/>\n<script type=\"application\/ld+json\" class=\"yoast-schema-graph\">{\"@context\":\"https:\\\/\\\/schema.org\",\"@graph\":[{\"@type\":\"WebPage\",\"@id\":\"https:\\\/\\\/proxima2023.okoumea.com\\\/fr\\\/dommage-corporel\\\/le-handicap-moteur\",\"url\":\"https:\\\/\\\/proxima2023.okoumea.com\\\/fr\\\/dommage-corporel\\\/le-handicap-moteur\",\"name\":\"Le handicap moteur - Avocat indemnisation de victimes\",\"isPartOf\":{\"@id\":\"https:\\\/\\\/proxima2023.okoumea.com\\\/fr\\\/#website\"},\"datePublished\":\"2017-08-09T13:30:18+00:00\",\"dateModified\":\"2023-08-29T16:51:21+00:00\",\"description\":\"Vous avez \u00e9t\u00e9 victime d'un dommage corporel ? Notre cabinet d'avocats Proxima peut vous repr\u00e9senter et d\u00e9fendre vos droits.\",\"breadcrumb\":{\"@id\":\"https:\\\/\\\/proxima2023.okoumea.com\\\/fr\\\/dommage-corporel\\\/le-handicap-moteur#breadcrumb\"},\"inLanguage\":\"fr-FR\",\"potentialAction\":[{\"@type\":\"ReadAction\",\"target\":[\"https:\\\/\\\/proxima2023.okoumea.com\\\/fr\\\/dommage-corporel\\\/le-handicap-moteur\"]}]},{\"@type\":\"BreadcrumbList\",\"@id\":\"https:\\\/\\\/proxima2023.okoumea.com\\\/fr\\\/dommage-corporel\\\/le-handicap-moteur#breadcrumb\",\"itemListElement\":[{\"@type\":\"ListItem\",\"position\":1,\"name\":\"Dommage corporel\",\"item\":\"https:\\\/\\\/proxima2023.okoumea.com\\\/fr\\\/dommage-corporel\"},{\"@type\":\"ListItem\",\"position\":2,\"name\":\"Le handicap moteur\"}]},{\"@type\":\"WebSite\",\"@id\":\"https:\\\/\\\/proxima2023.okoumea.com\\\/fr\\\/#website\",\"url\":\"https:\\\/\\\/proxima2023.okoumea.com\\\/fr\\\/\",\"name\":\"Proxima - Avocats indemnisation de victimes\",\"description\":\"Chaque jour est un nouveau cap \u00e0 franchir ensemble\",\"publisher\":{\"@id\":\"https:\\\/\\\/proxima2023.okoumea.com\\\/fr\\\/#organization\"},\"potentialAction\":[{\"@type\":\"SearchAction\",\"target\":{\"@type\":\"EntryPoint\",\"urlTemplate\":\"https:\\\/\\\/proxima2023.okoumea.com\\\/fr\\\/?s={search_term_string}\"},\"query-input\":{\"@type\":\"PropertyValueSpecification\",\"valueRequired\":true,\"valueName\":\"search_term_string\"}}],\"inLanguage\":\"fr-FR\"},{\"@type\":\"Organization\",\"@id\":\"https:\\\/\\\/proxima2023.okoumea.com\\\/fr\\\/#organization\",\"name\":\"CABINET PROXIMA GUILLERMOU AVOCATS\",\"url\":\"https:\\\/\\\/proxima2023.okoumea.com\\\/fr\\\/\",\"logo\":{\"@type\":\"ImageObject\",\"inLanguage\":\"fr-FR\",\"@id\":\"https:\\\/\\\/proxima2023.okoumea.com\\\/fr\\\/#\\\/schema\\\/logo\\\/image\\\/\",\"url\":\"https:\\\/\\\/guillermou-avocats.fr\\\/wp-content\\\/uploads\\\/2024\\\/08\\\/2Fichier-12ProximaLogox1.png\",\"contentUrl\":\"https:\\\/\\\/guillermou-avocats.fr\\\/wp-content\\\/uploads\\\/2024\\\/08\\\/2Fichier-12ProximaLogox1.png\",\"width\":836,\"height\":825,\"caption\":\"CABINET PROXIMA GUILLERMOU AVOCATS\"},\"image\":{\"@id\":\"https:\\\/\\\/proxima2023.okoumea.com\\\/fr\\\/#\\\/schema\\\/logo\\\/image\\\/\"},\"sameAs\":[\"https:\\\/\\\/www.facebook.com\\\/emericguillermou\\\/\",\"https:\\\/\\\/x.com\\\/eguillermou\",\"https:\\\/\\\/fr.linkedin.com\\\/in\\\/emeric-guillermou-6a4b9bb6\",\"https:\\\/\\\/www.youtube.com\\\/@emericguillermou9412\"]}]}<\/script>\n<!-- \/ Yoast SEO Premium plugin. -->","yoast_head_json":{"title":"Le handicap moteur - Avocat indemnisation de victimes","description":"Vous avez \u00e9t\u00e9 victime d'un dommage corporel ? Notre cabinet d'avocats Proxima peut vous repr\u00e9senter et d\u00e9fendre vos droits.","robots":{"index":"index","follow":"follow","max-snippet":"max-snippet:-1","max-image-preview":"max-image-preview:large","max-video-preview":"max-video-preview:-1"},"canonical":"https:\/\/proxima2023.okoumea.com\/fr\/dommage-corporel\/le-handicap-moteur","og_locale":"fr_FR","og_type":"article","og_title":"Le handicap moteur - Avocat indemnisation de victimes","og_description":"Vous avez \u00e9t\u00e9 victime d'un dommage corporel ? Notre cabinet d'avocats Proxima peut vous repr\u00e9senter et d\u00e9fendre vos droits.","og_url":"https:\/\/proxima2023.okoumea.com\/fr\/dommage-corporel\/le-handicap-moteur","og_site_name":"Avocat indemnisation de victimes","article_publisher":"https:\/\/www.facebook.com\/emericguillermou\/","article_modified_time":"2023-08-29T16:51:21+00:00","twitter_card":"summary_large_image","twitter_site":"@eguillermou","twitter_misc":{"Dur\u00e9e de lecture estim\u00e9e":"5 minutes"},"schema":{"@context":"https:\/\/schema.org","@graph":[{"@type":"WebPage","@id":"https:\/\/proxima2023.okoumea.com\/fr\/dommage-corporel\/le-handicap-moteur","url":"https:\/\/proxima2023.okoumea.com\/fr\/dommage-corporel\/le-handicap-moteur","name":"Le handicap moteur - Avocat indemnisation de victimes","isPartOf":{"@id":"https:\/\/proxima2023.okoumea.com\/fr\/#website"},"datePublished":"2017-08-09T13:30:18+00:00","dateModified":"2023-08-29T16:51:21+00:00","description":"Vous avez \u00e9t\u00e9 victime d'un dommage corporel ? Notre cabinet d'avocats Proxima peut vous repr\u00e9senter et d\u00e9fendre vos droits.","breadcrumb":{"@id":"https:\/\/proxima2023.okoumea.com\/fr\/dommage-corporel\/le-handicap-moteur#breadcrumb"},"inLanguage":"fr-FR","potentialAction":[{"@type":"ReadAction","target":["https:\/\/proxima2023.okoumea.com\/fr\/dommage-corporel\/le-handicap-moteur"]}]},{"@type":"BreadcrumbList","@id":"https:\/\/proxima2023.okoumea.com\/fr\/dommage-corporel\/le-handicap-moteur#breadcrumb","itemListElement":[{"@type":"ListItem","position":1,"name":"Dommage corporel","item":"https:\/\/proxima2023.okoumea.com\/fr\/dommage-corporel"},{"@type":"ListItem","position":2,"name":"Le handicap moteur"}]},{"@type":"WebSite","@id":"https:\/\/proxima2023.okoumea.com\/fr\/#website","url":"https:\/\/proxima2023.okoumea.com\/fr\/","name":"Proxima - Avocats indemnisation de victimes","description":"Chaque jour est un nouveau cap \u00e0 franchir ensemble","publisher":{"@id":"https:\/\/proxima2023.okoumea.com\/fr\/#organization"},"potentialAction":[{"@type":"SearchAction","target":{"@type":"EntryPoint","urlTemplate":"https:\/\/proxima2023.okoumea.com\/fr\/?s={search_term_string}"},"query-input":{"@type":"PropertyValueSpecification","valueRequired":true,"valueName":"search_term_string"}}],"inLanguage":"fr-FR"},{"@type":"Organization","@id":"https:\/\/proxima2023.okoumea.com\/fr\/#organization","name":"CABINET PROXIMA GUILLERMOU AVOCATS","url":"https:\/\/proxima2023.okoumea.com\/fr\/","logo":{"@type":"ImageObject","inLanguage":"fr-FR","@id":"https:\/\/proxima2023.okoumea.com\/fr\/#\/schema\/logo\/image\/","url":"https:\/\/guillermou-avocats.fr\/wp-content\/uploads\/2024\/08\/2Fichier-12ProximaLogox1.png","contentUrl":"https:\/\/guillermou-avocats.fr\/wp-content\/uploads\/2024\/08\/2Fichier-12ProximaLogox1.png","width":836,"height":825,"caption":"CABINET PROXIMA GUILLERMOU AVOCATS"},"image":{"@id":"https:\/\/proxima2023.okoumea.com\/fr\/#\/schema\/logo\/image\/"},"sameAs":["https:\/\/www.facebook.com\/emericguillermou\/","https:\/\/x.com\/eguillermou","https:\/\/fr.linkedin.com\/in\/emeric-guillermou-6a4b9bb6","https:\/\/www.youtube.com\/@emericguillermou9412"]}]}},"_links":{"self":[{"href":"https:\/\/guillermou-avocats.fr\/fr\/wp-json\/wp\/v2\/pages\/1646","targetHints":{"allow":["GET"]}}],"collection":[{"href":"https:\/\/guillermou-avocats.fr\/fr\/wp-json\/wp\/v2\/pages"}],"about":[{"href":"https:\/\/guillermou-avocats.fr\/fr\/wp-json\/wp\/v2\/types\/page"}],"author":[{"embeddable":true,"href":"https:\/\/guillermou-avocats.fr\/fr\/wp-json\/wp\/v2\/users\/2"}],"replies":[{"embeddable":true,"href":"https:\/\/guillermou-avocats.fr\/fr\/wp-json\/wp\/v2\/comments?post=1646"}],"version-history":[{"count":22,"href":"https:\/\/guillermou-avocats.fr\/fr\/wp-json\/wp\/v2\/pages\/1646\/revisions"}],"predecessor-version":[{"id":8529,"href":"https:\/\/guillermou-avocats.fr\/fr\/wp-json\/wp\/v2\/pages\/1646\/revisions\/8529"}],"up":[{"embeddable":true,"href":"https:\/\/guillermou-avocats.fr\/fr\/wp-json\/wp\/v2\/pages\/1244"}],"wp:attachment":[{"href":"https:\/\/guillermou-avocats.fr\/fr\/wp-json\/wp\/v2\/media?parent=1646"}],"curies":[{"name":"wp","href":"https:\/\/api.w.org\/{rel}","templated":true}]}}